{"id":129,"date":"2023-03-26T08:28:47","date_gmt":"2023-03-26T08:28:47","guid":{"rendered":"https:\/\/domuprostred.com\/domov\/"},"modified":"2023-04-26T04:18:27","modified_gmt":"2023-04-26T04:18:27","slug":"domov","status":"publish","type":"page","link":"https:\/\/domuprostred.com\/sk\/","title":{"rendered":"Domov"},"content":{"rendered":"<p><!--[if lt IE 9]&gt;&lt;![endif]--><br \/>\n<a href=\"https:\/\/www.youtube.com\/watch?v=HOUL27Fw9kg&#038;t=2s\">https:\/\/www.youtube.com\/watch?v=HOUL27Fw9kg&#038;t=2s<\/a>\t\t\t<\/p>\n<p>ABOUT MOVIE<\/p>\n<p>Ke\u010f sa jeho rodina ocitne uprostred bojov\u00e9ho po\u013ea, mal\u00fd nepo\u010duj\u00faci chlapec Samuel sa vyd\u00e1va na duchovn\u00fa cestu aby ju ochr\u00e1nil pred dvomi znepriatelen\u00fdmi ve\u013emocami pomocou svojej viery v nadprirodzeno&#8230;<\/p>\n<p>MOVIE CREATORS<\/p>\n<p>Umeleck\u00e1 symbi\u00f3za mlad\u00e9ho re\u017eis\u00e9ra a sk\u00fasen\u00fdch oce\u0148ovan\u00fdch tvorcov je pr\u00eds\u013eubom kvalitn\u00e9ho umeleck\u00e9ho diela.<\/p>\n<p><img decoding=\"async\" src=\"https:\/\/domuprostred.com\/wp-content\/uploads\/2023\/03\/Dominik-Gyorgy-Reziser.png\" \/><\/p>\n<p>Vy\u0161tudoval hran\u00fa filmov\u00fa r\u00e9\u017eiu na FAMU v Prahe a predt\u00fdm kameru, strih a zvuk na S\u00fakromnej Strednej Umeleckej \u0160kole Filmovej v Ko\u0161iciach. P\u00f4sob\u00ed ako re\u017eis\u00e9r, scen\u00e1rista a herec. Je dr\u017eite\u013eom mnoh\u00fdch medzin\u00e1rodn\u00fdch ocenen\u00ed za filmov\u00fa tvorbu a r\u00e9\u017eiu.<\/p>\n<p><a href=\"https:\/\/sk.wikipedia.org\/wiki\/Dominik_Gy\u00f6rgy\" target=\"_blank\" rel=\"noopener\"><\/a><a href=\"https:\/\/www.youtube.com\/channel\/UCdP4Vj1BvngzGQcHSyROucQ\" target=\"_blank\" rel=\"noopener\"><\/a><a href=\"https:\/\/www.instagram.com\/dominik.gyorgy\/\" target=\"_blank\" rel=\"noopener\"><\/a><\/p>\n<p>DOMINIK GY\u00d6RGY<\/p>\n<p>Re\u017eis\u00e9r a scen\u00e1rista<\/p>\n<p><img decoding=\"async\" src=\"https:\/\/domuprostred.com\/wp-content\/uploads\/2023\/03\/Mgr.-Livia-Filusova-Producentka.png\" \/><\/p>\n<p>Producentka a konate\u013eka spolo\u010dnosti Furia Film, s.r.o. vy\u0161tudovala filmov\u00fa a telev\u00edznu produkciu na V\u0160MU v Bratislave. Produkuje a koprodukuje hran\u00e9, dokument\u00e1rne a telev\u00edzne audiovizu\u00e1lne diela. Od roku 2010 je \u010dlenkou Asoci\u00e1cie nez\u00e1visl\u00fdch producentov na Slovensku.<\/p>\n<p><a href=\"https:\/\/www.furiafilm.sk\" target=\"_blank\" rel=\"noopener\"><\/a><\/p>\n<p>L\u00edvia Filusov\u00e1<\/p>\n<p>Producentka<\/p>\n<p><img decoding=\"async\" src=\"https:\/\/domuprostred.com\/wp-content\/uploads\/2023\/03\/Doc.-Ivo-Trajkov-Dramaturg.png\" \/><\/p>\n<p>Vy\u0161tudoval hran\u00fa r\u00e9\u017eiu na FAMU Prahe. P\u00f4sob\u00ed ako re\u017eis\u00e9r, scen\u00e1rista, dokumentarista producent, dramaturg a lektor na medzin\u00e1rodn\u00fdch filmov\u00fdch workshopoch. Je dr\u017eite\u013eom mnoh\u00fdch ocenen\u00ed za filmov\u00fa r\u00e9\u017eiu.<\/p>\n<p><a href=\"https:\/\/cs.wikipedia.org\/wiki\/Ivo_Trajkov\" target=\"_blank\" rel=\"noopener\"><\/a><\/p>\n<p>IVO TRAJKOV<\/p>\n<p>Dramaturg<\/p>\n<p><img decoding=\"async\" src=\"https:\/\/domuprostred.com\/wp-content\/uploads\/2023\/03\/Prof.-Vladimir-Smutny-Kameraman.png\" \/><\/p>\n<p>Vy\u0161tudoval hran\u00fa r\u00e9\u017eiu na FAMU v Prahe. Je spoludr\u017eite\u013eom americkej ceny Oscar za cudzojazy\u010dn\u00fd film, \u00f4smych \u010cesk\u00fdch Levov \u010di troch cien \u010ceskej filmovej kritiky za kameru a ceny za Mimoriadny umeleck\u00fd pr\u00ednos do \u010deskej kinematografie z IFF Karlovy Vary.<\/p>\n<p><a href=\"https:\/\/cs.wikipedia.org\/wiki\/Vladim%C3%ADr_Smutn%C3%BD\" target=\"_blank\" rel=\"noopener\"><\/a><\/p>\n<p>Vladim\u00edr Smutn\u00fd<\/p>\n<p>Kameraman<\/p>\n<p><img decoding=\"async\" src=\"https:\/\/domuprostred.com\/wp-content\/uploads\/2023\/03\/Jack-Bochow-MA-Hudobny-skladatel.png\" \/><\/p>\n<p>Austr\u00e1lsky hudobn\u00fd skladate\u013e p\u00f4sobiaci v Spojenom kr\u00e1\u013eovstve. Sklad\u00e1 hudbu pre vizu\u00e1lne m\u00e9di\u00e1 aj pre koncertn\u00fa sf\u00e9ru. Jeho \u0161t\u00fdl je v\u00fdrazne ovplyvnen\u00fd s\u00fa\u010dasnou a ambientnou hudbou a prin\u00e1\u0161a so sebou n\u00e1stoj\u010div\u00fa emocion\u00e1lnu intenzitu, ve\u013emi adaptabiln\u00fa pre film.<\/p>\n<p><a href=\"https:\/\/www.instagram.com\/jackbochow\/\" target=\"_blank\" rel=\"noopener\"><\/a><a href=\"http:\/\/jackbochow.com\" target=\"_blank\" rel=\"noopener\"><\/a><a href=\"https:\/\/soundcloud.com\/user-855256726\" target=\"_blank\" rel=\"noopener\"><\/a><\/p>\n<p>Jack Bochow<\/p>\n<p>Hudobn\u00fd skladate\u013e<\/p>\n<p>&#8220;I know the story of the house in the middle since my childhood, so I decided to share it with the world.&#8221;&#8220;Our ambition is to reach younger generations who will have the opportunity to see historical events in a way that they are not taught in school.&#8221;<\/p>\n<p>\u2014 DOMINIK GY\u00d6RGY \u2014<\/p>\n<p>PROJECT REALISATION<\/p>\n<p>V\u00fdvoj<\/p>\n<p>V roku 2019 sa za\u010dala pr\u00e1ca na scen\u00e1ri projektu , v s\u00fa\u010dasnosti je dokon\u010den\u00e1 fin\u00e1lna dvan\u00e1sta verzia. Po\u010das v\u00fdvoja sme sa z\u00fa\u010dastnili na viacer\u00fdch prezenta\u010dn\u00fdch a pracovn\u00fdch filmov\u00fdch f\u00f3rach \u2013 Midpoint Intensive SK, Slovak Pop Up Residency, Industry Days Bratislava ( IFF Febiofest ). Scen\u00e1r vznikol v spolupr\u00e1ci s Historick\u00fdm \u00fastavom SAV.<\/p>\n<p>Pre-produkcia<\/p>\n<p>Koniec roku 2022 sa niesol v znamen\u00ed ukon\u010denia kreat\u00edvnej scen\u00e1ristickej pr\u00e1ce , nakr\u00fatenia teasra a uzavretia castingu hlavn\u00fdch post\u00e1v filmu, h\u013eadania lok\u00e1ci\u00ed. S\u00fa\u010das\u0165ou tejto f\u00e1zy je financovanie projektu, rokovanie s koproduk\u010dn\u00fdmi partnermi , vysielate\u013emi, distrib\u00fatormi, world sales ako i potenci\u00e1lnymi partnermi a sponzormi.<\/p>\n<p>Produkcia<\/p>\n<p>Nakr\u00facanie filmu je rozdelen\u00e9 na zimn\u00fa a jarn\u00fa etapu v lok\u00e1ci\u00e1ch na Slovensku. Zimn\u00e1 etapa je napl\u00e1novan\u00e1 v mesiacoch Janu\u00e1r \u2013 Febru\u00e1r 2024 a jarn\u00e1 etapa na Apr\u00edl \u2013 M\u00e1j 2024. Zimn\u00e9 exteri\u00e9rov\u00e9 mot\u00edvy sa bud\u00fa nakr\u00faca\u0165 na ju\u017enom Slovensku, jarn\u00e1 etapa bude prebieha\u0165 v ateli\u00e9ri v Bratislave. Pl\u00e1novan\u00fd po\u010det filmovac\u00edch dn\u00ed je 40.<\/p>\n<p>Distrib\u00facia a premi\u00e9ra<\/p>\n<p>Premi\u00e9ru filmu pl\u00e1nujeme v prvej polovici roku 2025 na jednom z prest\u00ed\u017enych medzin\u00e1rodn\u00fdch filmov\u00fdch festivaloch. Distribu\u010dn\u00e1 a festivalov\u00e1 strat\u00e9gia bude akcentova\u0165 potrebu z\u00edska\u0165 do k\u00edn predov\u0161etk\u00fdm mlad\u00e9ho div\u00e1ka av\u0161ak z\u00e1rove\u0148 s predpokladom vysokej div\u00e1ckej n\u00e1v\u0161tevnosti v\u0161etk\u00fdch vekov\u00fdch kateg\u00f3ri\u00ed.<\/p>\n<p>&#8220;It is a confrontation between good and evil, which naturally accompany our humanity throughout its entire history.&#8221;&#8220;The story enters the guts of human individuality, which is affected by the borderline situation, that reveals the most hidden aspects of our decisions and actions.&#8221;<\/p>\n<p>\u2014 L\u00cdVIA FILUSOV\u00c1 \u2014<\/p>\n<p>Gal\u00e9ria<\/p>\n<p>AllDesignPhotographyWeb\t\t\t\t<\/p>\n<p><a href=\"\"><\/p>\n<p><img decoding=\"async\" src=\"https:\/\/domuprostred.com\/wp-content\/uploads\/2023\/03\/STILLS_6.png\" \/><\/p>\n<p><\/a><\/p>\n<p><a href=\"\"><\/p>\n<p><img decoding=\"async\" src=\"https:\/\/domuprostred.com\/wp-content\/uploads\/2023\/03\/KLARA_11.png\" \/><\/p>\n<p><\/a><\/p>\n<p><a href=\"\"><\/p>\n<p><img decoding=\"async\" src=\"https:\/\/domuprostred.com\/wp-content\/uploads\/2023\/03\/STILLS_8.png\" \/><\/p>\n<p><\/a><\/p>\n<p><a href=\"\"><\/p>\n<p><img decoding=\"async\" src=\"https:\/\/domuprostred.com\/wp-content\/uploads\/2023\/03\/KLARA_9.png\" \/><\/p>\n<p><\/a><\/p>\n<p><a href=\"\"><\/p>\n<p><img decoding=\"async\" src=\"https:\/\/domuprostred.com\/wp-content\/uploads\/2023\/03\/STILLS_3-2.png\" \/><\/p>\n<p><\/a><\/p>\n<p><a href=\"\"><\/p>\n<p><img decoding=\"async\" src=\"https:\/\/domuprostred.com\/wp-content\/uploads\/2023\/03\/MAREK_2.png\" \/><\/p>\n<p><\/a><\/p>\n<p><a href=\"\"><\/p>\n<p><img decoding=\"async\" src=\"https:\/\/domuprostred.com\/wp-content\/uploads\/2023\/03\/STILLS_5.png\" \/><\/p>\n<p><\/a><\/p>\n<p><a href=\"\"><\/p>\n<p><img decoding=\"async\" src=\"https:\/\/domuprostred.com\/wp-content\/uploads\/2023\/03\/STILLS_1-1.png\" \/><\/p>\n<p><\/a><\/p>\n<p><a href=\"\"><\/p>\n<p><img decoding=\"async\" src=\"https:\/\/domuprostred.com\/wp-content\/uploads\/2023\/03\/STILLS_2.png\" \/><\/p>\n<p><\/a><\/p>\n<p><a href=\"\"><\/p>\n<p><img decoding=\"async\" src=\"https:\/\/domuprostred.com\/wp-content\/uploads\/2023\/03\/KLARA_7.png\" \/><\/p>\n<p><\/a><\/p>\n<p><a href=\"\"><\/p>\n<p><img decoding=\"async\" src=\"https:\/\/domuprostred.com\/wp-content\/uploads\/2023\/03\/MAREK_10.png\" \/><\/p>\n<p><\/a><\/p>\n<p><a href=\"\"><\/p>\n<p><img decoding=\"async\" src=\"https:\/\/domuprostred.com\/wp-content\/uploads\/2023\/03\/MAREK_6-1-1.png\" \/><\/p>\n<p><\/a><\/p>\n<p><a href=\"\"><\/p>\n<p><img decoding=\"async\" src=\"https:\/\/domuprostred.com\/wp-content\/uploads\/2023\/03\/MAREK_8png.png\" \/><\/p>\n<p><\/a><\/p>\n<p><a href=\"\"><\/p>\n<p><img decoding=\"async\" src=\"https:\/\/domuprostred.com\/wp-content\/uploads\/2023\/03\/MAREK_9.png\" \/><\/p>\n<p><\/a><\/p>\n<p><a href=\"\"><\/p>\n<p><img decoding=\"async\" src=\"https:\/\/domuprostred.com\/wp-content\/uploads\/2023\/03\/MAREK_11-1-1.png\" \/><\/p>\n<p><\/a><\/p>\n<p><a href=\"\"><\/p>\n<p><img decoding=\"async\" src=\"https:\/\/domuprostred.com\/wp-content\/uploads\/2023\/03\/KLARA_8.png\" \/><\/p>\n<p><\/a><\/p>\n<p><a href=\"\"><\/p>\n<p><img decoding=\"async\" src=\"https:\/\/domuprostred.com\/wp-content\/uploads\/2023\/03\/MAREK_5.png\" \/><\/p>\n<p><\/a><\/p>\n<p><a href=\"\"><\/p>\n<p><img decoding=\"async\" src=\"https:\/\/domuprostred.com\/wp-content\/uploads\/2023\/03\/KLARA_2.png\" \/><\/p>\n<p><\/a><\/p>\n<p><a href=\"\"><\/p>\n<p><img decoding=\"async\" src=\"https:\/\/domuprostred.com\/wp-content\/uploads\/2023\/03\/KLARA_1.png\" \/><\/p>\n<p><\/a><\/p>\n<p><a href=\"\"><\/p>\n<p><img decoding=\"async\" src=\"https:\/\/domuprostred.com\/wp-content\/uploads\/2023\/03\/MAREK_7.png\" \/><\/p>\n<p><\/a><\/p>\n<p><a href=\"\"><\/p>\n<p><img decoding=\"async\" src=\"https:\/\/domuprostred.com\/wp-content\/uploads\/2023\/03\/KLARA_3.png\" \/><\/p>\n<p><\/a><\/p>\n<p><a href=\"\"><\/p>\n<p><img decoding=\"async\" src=\"https:\/\/domuprostred.com\/wp-content\/uploads\/2023\/03\/KLARA_5.png\" \/><\/p>\n<p><\/a><\/p>\n<p><a href=\"\"><\/p>\n<p><img decoding=\"async\" src=\"https:\/\/domuprostred.com\/wp-content\/uploads\/2023\/03\/MAREK_12.png\" \/><\/p>\n<p><\/a><\/p>\n<p><a href=\"\"><\/p>\n<p><img decoding=\"async\" src=\"https:\/\/domuprostred.com\/wp-content\/uploads\/2023\/03\/STILLS_4.png\" \/><\/p>\n<p><\/a><\/p>\n<p><a href=\"\"><\/p>\n<p><img decoding=\"async\" src=\"https:\/\/domuprostred.com\/wp-content\/uploads\/2023\/03\/STILLS_7-1.png\" \/><\/p>\n<p><\/a><\/p>\n<p><a href=\"\"><\/p>\n<p><img decoding=\"async\" src=\"https:\/\/domuprostred.com\/wp-content\/uploads\/2023\/03\/KLARA_10.png\" \/><\/p>\n<p><\/a><\/p>\n<p><a href=\"\"><\/p>\n<p><img decoding=\"async\" src=\"https:\/\/domuprostred.com\/wp-content\/uploads\/2023\/03\/KLARA_12.png\" \/><\/p>\n<p><\/a><\/p>\n<p><a href=\"\"><\/p>\n<p><img decoding=\"async\" src=\"https:\/\/domuprostred.com\/wp-content\/uploads\/2023\/03\/MAREK_1.png\" \/><\/p>\n<p><\/a><\/p>\n<p>KONTAKT<\/p>\n<p>Mgr. L\u00edvia Filusov\u00e1<\/p>\n<p>FURIA FILM s. r. o.<\/p>\n<p><a href=\"tel:+421 905 568 099\">+421 905 568 099<\/a><\/p>\n<p><a href=\"mailto:livia_filusova@yahoo.com\" target=\"_blank\" rel=\"noopener\">livia_filusova@yahoo.com<\/a><\/p>\n<p>Ferien\u010d\u00edkova 1<\/p>\n<p>811 08 Bratislava<\/p>\n<p>Slovensko<\/p>\n<p><a href=\"https:\/\/www.furiafilm.sk\/\" target=\"_blank\" rel=\"noopener\">www.furiafilm.sk<\/a><\/p>\n<p><a href=\"https:\/\/www.facebook.com\/profile.php?id=100091534745025\" target=\"_blank\" rel=\"noopener\"><\/a> <a href=\"https:\/\/www.furiafilm.sk\/filmy\/dom-uprostred\/\" target=\"_blank\" rel=\"noopener\"><\/a> <a href=\"https:\/\/youtu.be\/HOUL27Fw9kg\" target=\"_blank\" rel=\"noopener\"><\/a><\/p>\n<p><img decoding=\"async\" src=\"https:\/\/domuprostred.com\/wp-content\/uploads\/2023\/04\/loga-web-14_4new.png\" \/><\/p>\n","protected":false},"excerpt":{"rendered":"<p class=\"excerpt\">https:\/\/www.youtube.com\/watch?v=HOUL27Fw9kg&#038;t=2s ABOUT MOVIE Ke\u010f sa jeho rodina ocitne uprostred bojov\u00e9ho po\u013ea, mal\u00fd nepo\u010duj\u00faci chlapec Samuel sa vyd\u00e1va na duchovn\u00fa cestu aby ju ochr\u00e1nil pred dvomi znepriatelen\u00fdmi ve\u013emocami pomocou svojej viery v nadprirodzeno&#8230; MOVIE CREATORS Umeleck\u00e1 symbi\u00f3za mlad\u00e9ho re\u017eis\u00e9ra a sk\u00fasen\u00fdch oce\u0148ovan\u00fdch tvorcov je pr\u00eds\u013eubom kvalitn\u00e9ho umeleck\u00e9ho diela. Vy\u0161tudoval hran\u00fa filmov\u00fa r\u00e9\u017eiu na FAMU v Prahe [&hellip;]<\/p>\n","protected":false},"author":1,"featured_media":300,"parent":0,"menu_order":0,"comment_status":"closed","ping_status":"closed","template":"builder.php","meta":{"_mi_skip_tracking":false},"yoast_head":"<!-- This site is optimized with the Yoast SEO plugin v20.5 - https:\/\/yoast.com\/wordpress\/plugins\/seo\/ -->\n<title>Domov - DOM UPROSTRED<\/title>\n<meta name=\"robots\" content=\"index, follow, max-snippet:-1, max-image-preview:large, max-video-preview:-1\" \/>\n<link rel=\"canonical\" href=\"https:\/\/domuprostred.com\/sk\/\" \/>\n<meta property=\"og:locale\" content=\"sk_SK\" \/>\n<meta property=\"og:type\" content=\"article\" \/>\n<meta property=\"og:title\" content=\"Domov - DOM UPROSTRED\" \/>\n<meta property=\"og:description\" content=\"https:\/\/www.youtube.com\/watch?v=HOUL27Fw9kg&#038;t=2s ABOUT MOVIE Ke\u010f sa jeho rodina ocitne uprostred bojov\u00e9ho po\u013ea, mal\u00fd nepo\u010duj\u00faci chlapec Samuel sa vyd\u00e1va na duchovn\u00fa cestu aby ju ochr\u00e1nil pred dvomi znepriatelen\u00fdmi ve\u013emocami pomocou svojej viery v nadprirodzeno&#8230; MOVIE CREATORS Umeleck\u00e1 symbi\u00f3za mlad\u00e9ho re\u017eis\u00e9ra a sk\u00fasen\u00fdch oce\u0148ovan\u00fdch tvorcov je pr\u00eds\u013eubom kvalitn\u00e9ho umeleck\u00e9ho diela. Vy\u0161tudoval hran\u00fa filmov\u00fa r\u00e9\u017eiu na FAMU v Prahe [&hellip;]\" \/>\n<meta property=\"og:url\" content=\"https:\/\/domuprostred.com\/sk\/\" \/>\n<meta property=\"og:site_name\" content=\"DOM UPROSTRED\" \/>\n<meta property=\"article:modified_time\" content=\"2023-04-26T04:18:27+00:00\" \/>\n<meta property=\"og:image\" content=\"https:\/\/domuprostred.com\/wp-content\/uploads\/2023\/03\/dom-uprostred-film-logo-icon-with-bg.png\" \/>\n\t<meta property=\"og:image:width\" content=\"121\" \/>\n\t<meta property=\"og:image:height\" content=\"121\" \/>\n\t<meta property=\"og:image:type\" content=\"image\/png\" \/>\n<meta name=\"twitter:card\" content=\"summary_large_image\" \/>\n<meta name=\"twitter:label1\" content=\"Predpokladan\u00fd \u010das \u010d\u00edtania\" \/>\n\t<meta name=\"twitter:data1\" content=\"10 min\u00fat\" \/>\n<script type=\"application\/ld+json\" class=\"yoast-schema-graph\">{\"@context\":\"https:\/\/schema.org\",\"@graph\":[{\"@type\":\"WebPage\",\"@id\":\"https:\/\/domuprostred.com\/\",\"url\":\"https:\/\/domuprostred.com\/\",\"name\":\"Domov - DOM UPROSTRED\",\"isPartOf\":{\"@id\":\"https:\/\/domuprostred.com\/#website\"},\"datePublished\":\"2023-03-26T08:28:47+00:00\",\"dateModified\":\"2023-04-26T04:18:27+00:00\",\"breadcrumb\":{\"@id\":\"https:\/\/domuprostred.com\/#breadcrumb\"},\"inLanguage\":\"sk-SK\",\"potentialAction\":[{\"@type\":\"ReadAction\",\"target\":[\"https:\/\/domuprostred.com\/\"]}]},{\"@type\":\"BreadcrumbList\",\"@id\":\"https:\/\/domuprostred.com\/#breadcrumb\",\"itemListElement\":[{\"@type\":\"ListItem\",\"position\":1,\"name\":\"Home\",\"item\":\"https:\/\/domuprostred.com\/\"},{\"@type\":\"ListItem\",\"position\":2,\"name\":\"Domov\"}]},{\"@type\":\"WebSite\",\"@id\":\"https:\/\/domuprostred.com\/#website\",\"url\":\"https:\/\/domuprostred.com\/\",\"name\":\"DOM UPROSTRED\",\"description\":\"Koproduk\u010dn\u00fd celove\u010dern\u00fd hran\u00fd film re\u017eis\u00e9ra Dominika Gy\u00f6rgya z produkcie Furia\u00a0Film,\u00a0s.r.o.\",\"potentialAction\":[{\"@type\":\"SearchAction\",\"target\":{\"@type\":\"EntryPoint\",\"urlTemplate\":\"https:\/\/domuprostred.com\/?s={search_term_string}\"},\"query-input\":\"required name=search_term_string\"}],\"inLanguage\":\"sk-SK\"}]}<\/script>\n<!-- \/ Yoast SEO plugin. -->","yoast_head_json":{"title":"Domov - DOM UPROSTRED","robots":{"index":"index","follow":"follow","max-snippet":"max-snippet:-1","max-image-preview":"max-image-preview:large","max-video-preview":"max-video-preview:-1"},"canonical":"https:\/\/domuprostred.com\/sk\/","og_locale":"sk_SK","og_type":"article","og_title":"Domov - DOM UPROSTRED","og_description":"https:\/\/www.youtube.com\/watch?v=HOUL27Fw9kg&#038;t=2s ABOUT MOVIE Ke\u010f sa jeho rodina ocitne uprostred bojov\u00e9ho po\u013ea, mal\u00fd nepo\u010duj\u00faci chlapec Samuel sa vyd\u00e1va na duchovn\u00fa cestu aby ju ochr\u00e1nil pred dvomi znepriatelen\u00fdmi ve\u013emocami pomocou svojej viery v nadprirodzeno&#8230; MOVIE CREATORS Umeleck\u00e1 symbi\u00f3za mlad\u00e9ho re\u017eis\u00e9ra a sk\u00fasen\u00fdch oce\u0148ovan\u00fdch tvorcov je pr\u00eds\u013eubom kvalitn\u00e9ho umeleck\u00e9ho diela. Vy\u0161tudoval hran\u00fa filmov\u00fa r\u00e9\u017eiu na FAMU v Prahe [&hellip;]","og_url":"https:\/\/domuprostred.com\/sk\/","og_site_name":"DOM UPROSTRED","article_modified_time":"2023-04-26T04:18:27+00:00","og_image":[{"width":121,"height":121,"url":"https:\/\/domuprostred.com\/wp-content\/uploads\/2023\/03\/dom-uprostred-film-logo-icon-with-bg.png","type":"image\/png"}],"twitter_card":"summary_large_image","twitter_misc":{"Predpokladan\u00fd \u010das \u010d\u00edtania":"10 min\u00fat"},"schema":{"@context":"https:\/\/schema.org","@graph":[{"@type":"WebPage","@id":"https:\/\/domuprostred.com\/","url":"https:\/\/domuprostred.com\/","name":"Domov - DOM UPROSTRED","isPartOf":{"@id":"https:\/\/domuprostred.com\/#website"},"datePublished":"2023-03-26T08:28:47+00:00","dateModified":"2023-04-26T04:18:27+00:00","breadcrumb":{"@id":"https:\/\/domuprostred.com\/#breadcrumb"},"inLanguage":"sk-SK","potentialAction":[{"@type":"ReadAction","target":["https:\/\/domuprostred.com\/"]}]},{"@type":"BreadcrumbList","@id":"https:\/\/domuprostred.com\/#breadcrumb","itemListElement":[{"@type":"ListItem","position":1,"name":"Home","item":"https:\/\/domuprostred.com\/"},{"@type":"ListItem","position":2,"name":"Domov"}]},{"@type":"WebSite","@id":"https:\/\/domuprostred.com\/#website","url":"https:\/\/domuprostred.com\/","name":"DOM UPROSTRED","description":"Koproduk\u010dn\u00fd celove\u010dern\u00fd hran\u00fd film re\u017eis\u00e9ra Dominika Gy\u00f6rgya z produkcie Furia\u00a0Film,\u00a0s.r.o.","potentialAction":[{"@type":"SearchAction","target":{"@type":"EntryPoint","urlTemplate":"https:\/\/domuprostred.com\/?s={search_term_string}"},"query-input":"required name=search_term_string"}],"inLanguage":"sk-SK"}]}},"_links":{"self":[{"href":"https:\/\/domuprostred.com\/sk\/wp-json\/wp\/v2\/pages\/129"}],"collection":[{"href":"https:\/\/domuprostred.com\/sk\/wp-json\/wp\/v2\/pages"}],"about":[{"href":"https:\/\/domuprostred.com\/sk\/wp-json\/wp\/v2\/types\/page"}],"author":[{"embeddable":true,"href":"https:\/\/domuprostred.com\/sk\/wp-json\/wp\/v2\/users\/1"}],"replies":[{"embeddable":true,"href":"https:\/\/domuprostred.com\/sk\/wp-json\/wp\/v2\/comments?post=129"}],"version-history":[{"count":6,"href":"https:\/\/domuprostred.com\/sk\/wp-json\/wp\/v2\/pages\/129\/revisions"}],"predecessor-version":[{"id":967,"href":"https:\/\/domuprostred.com\/sk\/wp-json\/wp\/v2\/pages\/129\/revisions\/967"}],"wp:featuredmedia":[{"embeddable":true,"href":"https:\/\/domuprostred.com\/sk\/wp-json\/wp\/v2\/media\/300"}],"wp:attachment":[{"href":"https:\/\/domuprostred.com\/sk\/wp-json\/wp\/v2\/media?parent=129"}],"curies":[{"name":"wp","href":"https:\/\/api.w.org\/{rel}","templated":true}]}}